{"id":102,"date":"2023-07-28T11:40:14","date_gmt":"2023-07-28T17:40:14","guid":{"rendered":"https:\/\/ambsansalvador.esteri.it\/dallambasciata\/"},"modified":"2023-10-20T11:48:55","modified_gmt":"2023-10-20T17:48:55","slug":"dall_ambasciata","status":"publish","type":"page","link":"https:\/\/ambsansalvador.esteri.it\/es\/news\/dall_ambasciata\/","title":{"rendered":"De la embajada"},"content":{"rendered":"        <div class=\"row\">\n\t\t\t<!-- Ricerca sedi post -->\n\t\t\t<div class=\"col-12 mt-4\">\n\t\t\t  <div class=\"callout callout-highlight note ricerca-esteri p-4\">\n                    <div class=\"callout-title\">\n                        <svg class=\"icon\">\n                            <use xlink:href=\"https:\/\/ambsansalvador.esteri.it\/wp-content\/themes\/sedi-tema\/assets\/svg\/sprites.svg#it-search\"><\/use>\n                        <\/svg>Introduzca sus par\u00e1metros de b\u00fasqueda                    <\/div>\n                    <form id=\"searchFormPost\" name=\"form-search-post\" class=\"form-row align-items-center\" action=\"https:\/\/ambsansalvador.esteri.it\/es\/wp-json\/wp\/v2\/pages\/102\/\" method=\"GET\"> \n                        <!-- <div class=\"form-group pt-5\"> -->\n                            <!-- <input type=\"hidden\" id=\"lang\" name=\"lang\" value=\"\"> --> <!-- <\/div> -->\n\n                        <div class=\"it-datepicker-wrapper\">\n                            <div class=\"row\">\n                                <div class=\"form-group col-md-6\">\n                                    <label class=\"active\" for=\"date-init\">Desde el<\/label>\n                                    <input class=\"form-control\" name=\"date-init\" id=\"date-init\" type=\"date\" placeholder=\"gg\/mm\/aaaa\" value=\"\"lang=\"en-EN\">  \n                                <\/div>\n                                <div class=\"form-group col-md-6\">\n                                    <label class=\"active\" for=\"date-end\">Hacia<\/label>\n                                    <input class=\"form-control\" name=\"date-end\" id=\"date-end\" type=\"date\" placeholder=\"gg\/mm\/aaaa\" value=\"\">\n                                <\/div>\n                            <\/div>\n                        <\/div>\n                        <div class=\"form-group col-md-12 mt-3\">\n                            <label for=\"searchText\">Campo de b\u00fasqueda libre<\/label>\n                            <input type=\"text\" name=\"searchText\" class=\"form-control\" id=\"searchText\" value=\"\">\n                        <\/div>\n                        <div class=\"form-group col-md-4 offset-md-8 text-end\">\n                            <a href=\"https:\/\/ambsansalvador.esteri.it\/es\/news\/dall_ambasciata\/\" title=\"Form reset\" id=\"resetImput\" class=\"btn btn-outline-primary btn-xs\">Reset<\/a>\n                            <button type=\"submit\" class=\"btn btn-primary btn-xs\">Mostrar resultados<\/button>\n                        <\/div>\n                    <\/form>\n\t\t\t\t<\/div>\n\t\t\t<\/div>\n\t\t<\/div>\n                    \n            <div class=\"row\">\n                            <div class=\"col-12 mt-3\">\n                <!--start card-->\n                <div class=\"card-wrapper card-space\">\n                    <div class=\"card card-bg card-big border-bottom-card\">\n                        <div class=\"card-body \">\n                                                        <div class=\"category-top\">\n                                                                                                            <span class=\"\">\n                                        <svg class=\"icon icon-secondary\">\n                                            <use xlink:href=\"https:\/\/ambsansalvador.esteri.it\/wp-content\/themes\/sedi-tema\/assets\/svg\/sprites.svg#it-calendar\"><\/use>\n                                        <\/svg> 3 septiembre 2026                                    <\/span>\n                                                                    <\/div>\n                            <h5 class=\"card-title big-heading text-uppercase\"><a class=\"text-body text-decoration-none\" href=\"https:\/\/ambsansalvador.esteri.it\/es\/news\/dall_ambasciata\/2026\/09\/indizione-delle-elezioni-dei-comites\/\" title=\"INDIZIONE DELLE ELEZIONI DEI COMITES &#8211; 3 SETTEMBRE 2026\">INDIZIONE DELLE ELEZIONI DEI COMITES &#8211; 3 SETTEMBRE 2026<\/a><\/h5>\n                            <p class=\"card-text\">Con\u00a0Decreto consolare del Capo dell\u2019Ufficio consolare dell\u2019Ambasciata d\u2019Italia in San Salvador sono indette le elezioni per l\u2019istituzione e il rinnovo del Comitato degli Italiani all\u2019estero- El Salvador. La data delle elezioni \u00e8 fissata al 4 dicembre 2026. Tale data corrisponde all\u2019ultimo giorno utile per far pervenire al proprio Consolato di riferimento la busta contenente la [&hellip;]<\/p>\n                                <a title=\"INDIZIONE DELLE ELEZIONI DEI COMITES &#8211; 3 SETTEMBRE 2026\" class=\"read-more\" href=\"https:\/\/ambsansalvador.esteri.it\/es\/news\/dall_ambasciata\/2026\/09\/indizione-delle-elezioni-dei-comites\/\">\n                                    <span class=\"text\">Lee mas<\/span>\n                                    <svg class=\"icon\">\n                                    <use xlink:href=\"https:\/\/ambsansalvador.esteri.it\/wp-content\/themes\/sedi-tema\/assets\/svg\/sprites.svg#it-arrow-right\"><\/use>\n                                    <\/svg>\n                                <\/a>\n                                                    <\/div>\n                    <\/div>\n                <\/div>\n                <!--end card-->\n                <\/div><!-- col-12 .mt-3-->\n                            <div class=\"col-12 mt-3\">\n                <!--start card-->\n                <div class=\"card-wrapper card-space\">\n                    <div class=\"card card-bg card-big border-bottom-card\">\n                        <div class=\"card-body \">\n                                                        <div class=\"category-top\">\n                                                                                                            <span class=\"\">\n                                        <svg class=\"icon icon-secondary\">\n                                            <use xlink:href=\"https:\/\/ambsansalvador.esteri.it\/wp-content\/themes\/sedi-tema\/assets\/svg\/sprites.svg#it-calendar\"><\/use>\n                                        <\/svg> 3 septiembre 2026                                    <\/span>\n                                                                    <\/div>\n                            <h5 class=\"card-title big-heading text-uppercase\"><a class=\"text-body text-decoration-none\" href=\"https:\/\/ambsansalvador.esteri.it\/es\/news\/dall_ambasciata\/2026\/09\/cooperacion-internacional-acuerdo-entre-la-universidad-de-pavia-y-la-fundacion-mondino-para-el-proyecto-nacer-con-carino\/\" title=\"Cooperaci\u00f3n internacional: acuerdo entre la Universidad de Pav\u00eda y la Fundaci\u00f3n Mondino para el proyecto \u00abNacer con Cari\u00f1o\u00bb\">Cooperaci\u00f3n internacional: acuerdo entre la Universidad de Pav\u00eda y la Fundaci\u00f3n Mondino para el proyecto \u00abNacer con Cari\u00f1o\u00bb<\/a><\/h5>\n                            <p class=\"card-text\">La colaboraci\u00f3n entre la Universidad de Pav\u00eda y El Salvador en torno al proyecto \u00abNacer con Cari\u00f1o\u00bb se ha visto recientemente reforzada por un nuevo e importante avance. El 22 de julio de 2026, la Universidad de Pav\u00eda firm\u00f3 un nuevo acuerdo estrat\u00e9gico con la Fundaci\u00f3n Mondino IRCCS (instituto neurol\u00f3gico de Pav\u00eda) para impulsar a\u00fan [&hellip;]<\/p>\n                                <a title=\"Cooperaci\u00f3n internacional: acuerdo entre la Universidad de Pav\u00eda y la Fundaci\u00f3n Mondino para el proyecto \u00abNacer con Cari\u00f1o\u00bb\" class=\"read-more\" href=\"https:\/\/ambsansalvador.esteri.it\/es\/news\/dall_ambasciata\/2026\/09\/cooperacion-internacional-acuerdo-entre-la-universidad-de-pavia-y-la-fundacion-mondino-para-el-proyecto-nacer-con-carino\/\">\n                                    <span class=\"text\">Lee mas<\/span>\n                                    <svg class=\"icon\">\n                                    <use xlink:href=\"https:\/\/ambsansalvador.esteri.it\/wp-content\/themes\/sedi-tema\/assets\/svg\/sprites.svg#it-arrow-right\"><\/use>\n                                    <\/svg>\n                                <\/a>\n                                                    <\/div>\n                    <\/div>\n                <\/div>\n                <!--end card-->\n                <\/div><!-- col-12 .mt-3-->\n                            <div class=\"col-12 mt-3\">\n                <!--start card-->\n                <div class=\"card-wrapper card-space\">\n                    <div class=\"card card-bg card-big border-bottom-card\">\n                        <div class=\"card-body \">\n                                                        <div class=\"category-top\">\n                                                                                                            <span class=\"\">\n                                        <svg class=\"icon icon-secondary\">\n                                            <use xlink:href=\"https:\/\/ambsansalvador.esteri.it\/wp-content\/themes\/sedi-tema\/assets\/svg\/sprites.svg#it-calendar\"><\/use>\n                                        <\/svg> 27 agosto 2026                                    <\/span>\n                                                                    <\/div>\n                            <h5 class=\"card-title big-heading text-uppercase\"><a class=\"text-body text-decoration-none\" href=\"https:\/\/ambsansalvador.esteri.it\/es\/news\/dall_ambasciata\/2026\/08\/elecciones-de-los-comites-de-los-italianos-en-el-exterior-comites-2026-modalidades-para-solicitar-la-inscripcion-en-el-registro-electoral\/\" title=\"Elecciones de los Comit\u00e9s de los Italianos en el Exterior &#8211; COMITES 2026 &#8211; MODALIDADES PARA SOLICITAR LA INSCRIPCI\u00d3N EN EL REGISTRO ELECTORAL\">Elecciones de los Comit\u00e9s de los Italianos en el Exterior &#8211; COMITES 2026 &#8211; MODALIDADES PARA SOLICITAR LA INSCRIPCI\u00d3N EN EL REGISTRO ELECTORAL<\/a><\/h5>\n                            <p class=\"card-text\">Elecciones de los Comit\u00e9s de los Italianos en el Exterior &#8211; COMITES 2026 MODALIDADES PARA SOLICITAR LA INSCRIPCI\u00d3N EN EL REGISTRO ELECTORAL Las elecciones para la renovaci\u00f3n y el establecimiento de los COMITES se celebrar\u00e1n a m\u00e1s tardar a finales de 2026. Los Comit\u00e9s de los Italianos en el Exterior son \u00f3rganos de representaci\u00f3n de [&hellip;]<\/p>\n                                <a title=\"Elecciones de los Comit\u00e9s de los Italianos en el Exterior &#8211; COMITES 2026 &#8211; MODALIDADES PARA SOLICITAR LA INSCRIPCI\u00d3N EN EL REGISTRO ELECTORAL\" class=\"read-more\" href=\"https:\/\/ambsansalvador.esteri.it\/es\/news\/dall_ambasciata\/2026\/08\/elecciones-de-los-comites-de-los-italianos-en-el-exterior-comites-2026-modalidades-para-solicitar-la-inscripcion-en-el-registro-electoral\/\">\n                                    <span class=\"text\">Lee mas<\/span>\n                                    <svg class=\"icon\">\n                                    <use xlink:href=\"https:\/\/ambsansalvador.esteri.it\/wp-content\/themes\/sedi-tema\/assets\/svg\/sprites.svg#it-arrow-right\"><\/use>\n                                    <\/svg>\n                                <\/a>\n                                                    <\/div>\n                    <\/div>\n                <\/div>\n                <!--end card-->\n                <\/div><!-- col-12 .mt-3-->\n                            <div class=\"col-12 mt-3\">\n                <!--start card-->\n                <div class=\"card-wrapper card-space\">\n                    <div class=\"card card-bg card-big border-bottom-card\">\n                        <div class=\"card-body \">\n                                                        <div class=\"category-top\">\n                                                                                                            <span class=\"\">\n                                        <svg class=\"icon icon-secondary\">\n                                            <use xlink:href=\"https:\/\/ambsansalvador.esteri.it\/wp-content\/themes\/sedi-tema\/assets\/svg\/sprites.svg#it-calendar\"><\/use>\n                                        <\/svg> 19 agosto 2026                                    <\/span>\n                                                                    <\/div>\n                            <h5 class=\"card-title big-heading text-uppercase\"><a class=\"text-body text-decoration-none\" href=\"https:\/\/ambsansalvador.esteri.it\/es\/news\/dall_ambasciata\/2026\/08\/premio-farnesina-a-un-investigador-italiano-junior-premio-linnovazione-che-parla-italiano-y-premio-science-she-says-recepcion-de-ca\/\" title=\"**\u201cPREMIO FARNESINA\u201d A UN INVESTIGADOR ITALIANO J\u00daNIOR, PREMIO \u201cL\u2019INNOVAZIONE CHE PARLA ITALIANO\u201d Y PREMIO \u201cSCIENCE, SHE SAYS!\u201d. RECEPCI\u00d3N DE CANDIDATURAS.**\">**\u201cPREMIO FARNESINA\u201d A UN INVESTIGADOR ITALIANO J\u00daNIOR, PREMIO \u201cL\u2019INNOVAZIONE CHE PARLA ITALIANO\u201d Y PREMIO \u201cSCIENCE, SHE SAYS!\u201d. RECEPCI\u00d3N DE CANDIDATURAS.**<\/a><\/h5>\n                            <p class=\"card-text\">Inicio de la recepci\u00f3n de candidaturas para la novena edici\u00f3n del \u201cPremio Farnesina\u201d, del premio \u201cL\u2019innovazione che parla italiano\u201d y de la cuarta edici\u00f3n del premio \u201cScience, She Says!\u201d Se informa sobre la apertura de la convocatoria de candidaturas para la novena edici\u00f3n del \u201cPremio Farnesina\u201d, destinado a reconocer a un investigador italiano que se [&hellip;]<\/p>\n                                <a title=\"**\u201cPREMIO FARNESINA\u201d A UN INVESTIGADOR ITALIANO J\u00daNIOR, PREMIO \u201cL\u2019INNOVAZIONE CHE PARLA ITALIANO\u201d Y PREMIO \u201cSCIENCE, SHE SAYS!\u201d. RECEPCI\u00d3N DE CANDIDATURAS.**\" class=\"read-more\" href=\"https:\/\/ambsansalvador.esteri.it\/es\/news\/dall_ambasciata\/2026\/08\/premio-farnesina-a-un-investigador-italiano-junior-premio-linnovazione-che-parla-italiano-y-premio-science-she-says-recepcion-de-ca\/\">\n                                    <span class=\"text\">Lee mas<\/span>\n                                    <svg class=\"icon\">\n                                    <use xlink:href=\"https:\/\/ambsansalvador.esteri.it\/wp-content\/themes\/sedi-tema\/assets\/svg\/sprites.svg#it-arrow-right\"><\/use>\n                                    <\/svg>\n                                <\/a>\n                                                    <\/div>\n                    <\/div>\n                <\/div>\n                <!--end card-->\n                <\/div><!-- col-12 .mt-3-->\n                            <div class=\"col-12 mt-3\">\n                <!--start card-->\n                <div class=\"card-wrapper card-space\">\n                    <div class=\"card card-bg card-big border-bottom-card\">\n                        <div class=\"card-body \">\n                                                        <div class=\"category-top\">\n                                                                                                            <span class=\"\">\n                                        <svg class=\"icon icon-secondary\">\n                                            <use xlink:href=\"https:\/\/ambsansalvador.esteri.it\/wp-content\/themes\/sedi-tema\/assets\/svg\/sprites.svg#it-calendar\"><\/use>\n                                        <\/svg> 29 julio 2026                                    <\/span>\n                                                                    <\/div>\n                            <h5 class=\"card-title big-heading text-uppercase\"><a class=\"text-body text-decoration-none\" href=\"https:\/\/ambsansalvador.esteri.it\/es\/news\/dall_ambasciata\/2026\/07\/sotto-la-cupola-concierto-de-piano-del-maestro-simone-anichini\/\" title=\"\u00abSOTTO LA CUPOLA\u00bb CONCIERTO DE PIANO DEL MAESTRO SIMONE ANICHINI\">\u00abSOTTO LA CUPOLA\u00bb CONCIERTO DE PIANO DEL MAESTRO SIMONE ANICHINI<\/a><\/h5>\n                            <p class=\"card-text\">El 27 de julio recibimos en \u00abBajo la C\u00fapula\u00bb al pianista y compositor italiano Simone Anichini, quien ofreci\u00f3 un concierto de gran sensibilidad. En su intervenci\u00f3n, el Emb. Rozo Sordini destac\u00f3 el valor econ\u00f3mico de la cultura y record\u00f3 la inscripci\u00f3n de los teatros condominiales en el Patrimonio Mundial de la UNESCO.<\/p>\n                                <a title=\"\u00abSOTTO LA CUPOLA\u00bb CONCIERTO DE PIANO DEL MAESTRO SIMONE ANICHINI\" class=\"read-more\" href=\"https:\/\/ambsansalvador.esteri.it\/es\/news\/dall_ambasciata\/2026\/07\/sotto-la-cupola-concierto-de-piano-del-maestro-simone-anichini\/\">\n                                    <span class=\"text\">Lee mas<\/span>\n                                    <svg class=\"icon\">\n                                    <use xlink:href=\"https:\/\/ambsansalvador.esteri.it\/wp-content\/themes\/sedi-tema\/assets\/svg\/sprites.svg#it-arrow-right\"><\/use>\n                                    <\/svg>\n                                <\/a>\n                                                    <\/div>\n                    <\/div>\n                <\/div>\n                <!--end card-->\n                <\/div><!-- col-12 .mt-3-->\n                            <div class=\"col-12 mt-3\">\n                <!--start card-->\n                <div class=\"card-wrapper card-space\">\n                    <div class=\"card card-bg card-big border-bottom-card\">\n                        <div class=\"card-body \">\n                                                        <div class=\"category-top\">\n                                                                                                            <span class=\"\">\n                                        <svg class=\"icon icon-secondary\">\n                                            <use xlink:href=\"https:\/\/ambsansalvador.esteri.it\/wp-content\/themes\/sedi-tema\/assets\/svg\/sprites.svg#it-calendar\"><\/use>\n                                        <\/svg> 22 julio 2026                                    <\/span>\n                                                                    <\/div>\n                            <h5 class=\"card-title big-heading text-uppercase\"><a class=\"text-body text-decoration-none\" href=\"https:\/\/ambsansalvador.esteri.it\/es\/news\/dall_ambasciata\/2026\/07\/elecciones-del-comites-2026\/\" title=\"Elecciones del COMITES 2026\">Elecciones del COMITES 2026<\/a><\/h5>\n                            <p class=\"card-text\">En 2026 se celebrar\u00e1n las elecciones para la renovaci\u00f3n de los Comit\u00e9s de los Italianos en el Exterior (Com.It.Es.). Los Com.It.Es. son organismos que representan a los ciudadanos italianos residentes en el extranjero ante las Embajadas y los Consulados, favoreciendo su integraci\u00f3n en los pa\u00edses de residencia. Asimismo, tienen la misi\u00f3n de preservar la memoria [&hellip;]<\/p>\n                                <a title=\"Elecciones del COMITES 2026\" class=\"read-more\" href=\"https:\/\/ambsansalvador.esteri.it\/es\/news\/dall_ambasciata\/2026\/07\/elecciones-del-comites-2026\/\">\n                                    <span class=\"text\">Lee mas<\/span>\n                                    <svg class=\"icon\">\n                                    <use xlink:href=\"https:\/\/ambsansalvador.esteri.it\/wp-content\/themes\/sedi-tema\/assets\/svg\/sprites.svg#it-arrow-right\"><\/use>\n                                    <\/svg>\n                                <\/a>\n                                                    <\/div>\n                    <\/div>\n                <\/div>\n                <!--end card-->\n                <\/div><!-- col-12 .mt-3-->\n                            <div class=\"col-12 mt-3\">\n                <!--start card-->\n                <div class=\"card-wrapper card-space\">\n                    <div class=\"card card-bg card-big border-bottom-card\">\n                        <div class=\"card-body \">\n                                                        <div class=\"category-top\">\n                                                                                                            <span class=\"\">\n                                        <svg class=\"icon icon-secondary\">\n                                            <use xlink:href=\"https:\/\/ambsansalvador.esteri.it\/wp-content\/themes\/sedi-tema\/assets\/svg\/sprites.svg#it-calendar\"><\/use>\n                                        <\/svg> 10 julio 2026                                    <\/span>\n                                                                    <\/div>\n                            <h5 class=\"card-title big-heading text-uppercase\"><a class=\"text-body text-decoration-none\" href=\"https:\/\/ambsansalvador.esteri.it\/es\/news\/dall_ambasciata\/2026\/07\/sotto-la-cupola-celebra-el-centenario-del-premio-nobel-de-literatura-concedido-a-grazia-deledda\/\" title=\"\u201cSotto la Cupola\u201d celebra el centenario del Premio Nobel de Literatura concedido a Grazia Deledda\">\u201cSotto la Cupola\u201d celebra el centenario del Premio Nobel de Literatura concedido a Grazia Deledda<\/a><\/h5>\n                            <p class=\"card-text\">La Embajada de Italia en El Salvador ha presentado el pasado 9 de Julio una nueva edici\u00f3n de \u201cSotto la Cupola: encuentros literarios y musicales de la Embajada de Italia\u201d, un ciclo dedicado a difundir el patrimonio literario italiano mediante el di\u00e1logo entre la literatura, la m\u00fasica y la diplomacia cultural. La protagonista de esta [&hellip;]<\/p>\n                                <a title=\"\u201cSotto la Cupola\u201d celebra el centenario del Premio Nobel de Literatura concedido a Grazia Deledda\" class=\"read-more\" href=\"https:\/\/ambsansalvador.esteri.it\/es\/news\/dall_ambasciata\/2026\/07\/sotto-la-cupola-celebra-el-centenario-del-premio-nobel-de-literatura-concedido-a-grazia-deledda\/\">\n                                    <span class=\"text\">Lee mas<\/span>\n                                    <svg class=\"icon\">\n                                    <use xlink:href=\"https:\/\/ambsansalvador.esteri.it\/wp-content\/themes\/sedi-tema\/assets\/svg\/sprites.svg#it-arrow-right\"><\/use>\n                                    <\/svg>\n                                <\/a>\n                                                    <\/div>\n                    <\/div>\n                <\/div>\n                <!--end card-->\n                <\/div><!-- col-12 .mt-3-->\n                            <div class=\"col-12 mt-3\">\n                <!--start card-->\n                <div class=\"card-wrapper card-space\">\n                    <div class=\"card card-bg card-big border-bottom-card\">\n                        <div class=\"card-body \">\n                                                        <div class=\"category-top\">\n                                                                                                            <span class=\"\">\n                                        <svg class=\"icon icon-secondary\">\n                                            <use xlink:href=\"https:\/\/ambsansalvador.esteri.it\/wp-content\/themes\/sedi-tema\/assets\/svg\/sprites.svg#it-calendar\"><\/use>\n                                        <\/svg> 30 junio 2026                                    <\/span>\n                                                                    <\/div>\n                            <h5 class=\"card-title big-heading text-uppercase\"><a class=\"text-body text-decoration-none\" href=\"https:\/\/ambsansalvador.esteri.it\/es\/news\/dall_ambasciata\/2026\/06\/evento-dedicado-a-la-bienal-de-venecia-29-de-junio-de-2026\/\" title=\"EVENTO DEDICADO A LA BIENNALE DI VENEZIA (29 DE JUNIO DE 2026)\">EVENTO DEDICADO A LA BIENNALE DI VENEZIA (29 DE JUNIO DE 2026)<\/a><\/h5>\n                            <p class=\"card-text\">La historia, el valor internacional y el rol de la Biennale di Venezia como herramienta de diplomacia cultural fueron el centro del encuentro \u201cLa Biennale di Venezia: la experiencia del escultor salvadore\u00f1o J. Oscar Molina\u201d, organizado por la Embajada de Italia en San Salvador en el marco del ciclo \u201cSotto la Cupola\u201d (Bajo la C\u00fapula), [&hellip;]<\/p>\n                                <a title=\"EVENTO DEDICADO A LA BIENNALE DI VENEZIA (29 DE JUNIO DE 2026)\" class=\"read-more\" href=\"https:\/\/ambsansalvador.esteri.it\/es\/news\/dall_ambasciata\/2026\/06\/evento-dedicado-a-la-bienal-de-venecia-29-de-junio-de-2026\/\">\n                                    <span class=\"text\">Lee mas<\/span>\n                                    <svg class=\"icon\">\n                                    <use xlink:href=\"https:\/\/ambsansalvador.esteri.it\/wp-content\/themes\/sedi-tema\/assets\/svg\/sprites.svg#it-arrow-right\"><\/use>\n                                    <\/svg>\n                                <\/a>\n                                                    <\/div>\n                    <\/div>\n                <\/div>\n                <!--end card-->\n                <\/div><!-- col-12 .mt-3-->\n                            <div class=\"col-12 mt-3\">\n                <!--start card-->\n                <div class=\"card-wrapper card-space\">\n                    <div class=\"card card-bg card-big border-bottom-card\">\n                        <div class=\"card-body \">\n                                                        <div class=\"category-top\">\n                                                                                                            <span class=\"\">\n                                        <svg class=\"icon icon-secondary\">\n                                            <use xlink:href=\"https:\/\/ambsansalvador.esteri.it\/wp-content\/themes\/sedi-tema\/assets\/svg\/sprites.svg#it-calendar\"><\/use>\n                                        <\/svg> 15 junio 2026                                    <\/span>\n                                                                    <\/div>\n                            <h5 class=\"card-title big-heading text-uppercase\"><a class=\"text-body text-decoration-none\" href=\"https:\/\/ambsansalvador.esteri.it\/es\/news\/dall_ambasciata\/2026\/06\/victoria-historica-de-leonardo-fioravanti-en-el-surf-city-el-salvador-pro\/\" title=\"Victoria hist\u00f3rica de Leonardo Fioravanti en el Surf City El Salvador Pro.\">Victoria hist\u00f3rica de Leonardo Fioravanti en el Surf City El Salvador Pro.<\/a><\/h5>\n                            <p class=\"card-text\">Felicitaciones a Leonardo Fioravanti por su hist\u00f3rica victoria en el Surf City El Salvador Pro, etapa del Championship Tour de la World Surf League disputada en Punta Roca, La Libertad. Un \u00e9xito extraordinario que lleva la bandera italiana a lo m\u00e1s alto del podio en una de las citas m\u00e1s prestigiosas del surf mundial y [&hellip;]<\/p>\n                                <a title=\"Victoria hist\u00f3rica de Leonardo Fioravanti en el Surf City El Salvador Pro.\" class=\"read-more\" href=\"https:\/\/ambsansalvador.esteri.it\/es\/news\/dall_ambasciata\/2026\/06\/victoria-historica-de-leonardo-fioravanti-en-el-surf-city-el-salvador-pro\/\">\n                                    <span class=\"text\">Lee mas<\/span>\n                                    <svg class=\"icon\">\n                                    <use xlink:href=\"https:\/\/ambsansalvador.esteri.it\/wp-content\/themes\/sedi-tema\/assets\/svg\/sprites.svg#it-arrow-right\"><\/use>\n                                    <\/svg>\n                                <\/a>\n                                                    <\/div>\n                    <\/div>\n                <\/div>\n                <!--end card-->\n                <\/div><!-- col-12 .mt-3-->\n                            <div class=\"col-12 mt-3\">\n                <!--start card-->\n                <div class=\"card-wrapper card-space\">\n                    <div class=\"card card-bg card-big border-bottom-card\">\n                        <div class=\"card-body \">\n                                                        <div class=\"category-top\">\n                                                                                                            <span class=\"\">\n                                        <svg class=\"icon icon-secondary\">\n                                            <use xlink:href=\"https:\/\/ambsansalvador.esteri.it\/wp-content\/themes\/sedi-tema\/assets\/svg\/sprites.svg#it-calendar\"><\/use>\n                                        <\/svg> 10 junio 2026                                    <\/span>\n                                                                    <\/div>\n                            <h5 class=\"card-title big-heading text-uppercase\"><a class=\"text-body text-decoration-none\" href=\"https:\/\/ambsansalvador.esteri.it\/es\/news\/dall_ambasciata\/2026\/06\/celebracion-en-ocasion-del-dia-nacional-de-la-republica-italiana-en-san-salvador\/\" title=\"Celebraci\u00f3n en ocasi\u00f3n del D\u00eda Nacional de la Rep\u00fablica Italiana en San Salvador\">Celebraci\u00f3n en ocasi\u00f3n del D\u00eda Nacional de la Rep\u00fablica Italiana en San Salvador<\/a><\/h5>\n                            <p class=\"card-text\">La celebraci\u00f3n del D\u00eda Nacional de Italia fue una oportunidad para reafirmar los profundos lazos de amistad y cooperaci\u00f3n entre Italia y El Salvador, construidos sobre el respeto mutuo, el intercambio cultural y una visi\u00f3n compartida de futuro. Agradecemos a las autoridades, al cuerpo diplom\u00e1tico, a la comunidad italiana y a todos los invitados que [&hellip;]<\/p>\n                                <a title=\"Celebraci\u00f3n en ocasi\u00f3n del D\u00eda Nacional de la Rep\u00fablica Italiana en San Salvador\" class=\"read-more\" href=\"https:\/\/ambsansalvador.esteri.it\/es\/news\/dall_ambasciata\/2026\/06\/celebracion-en-ocasion-del-dia-nacional-de-la-republica-italiana-en-san-salvador\/\">\n                                    <span class=\"text\">Lee mas<\/span>\n                                    <svg class=\"icon\">\n                                    <use xlink:href=\"https:\/\/ambsansalvador.esteri.it\/wp-content\/themes\/sedi-tema\/assets\/svg\/sprites.svg#it-arrow-right\"><\/use>\n                                    <\/svg>\n                                <\/a>\n                                                    <\/div>\n                    <\/div>\n                <\/div>\n                <!--end card-->\n                <\/div><!-- col-12 .mt-3-->\n            \n            <div class=\"col-md-12 mt-4 pb-4\">\n                <nav class=\"navigation col-md-12\" aria-label=\"Navigation\">\n                    <h2 class=\"screen-reader-text visually-hidden\">Paginaci\u00f3n<\/h2>\n                    <div class=\"nav-links\">\n                    <span aria-current=\"page\" class=\"page-numbers current\">1<\/span>\n<a class=\"page-numbers\" href=\"https:\/\/ambsansalvador.esteri.it\/es\/wp-json\/wp\/v2\/pages\/102\/?pag=2\">2<\/a>\n<a class=\"page-numbers\" href=\"https:\/\/ambsansalvador.esteri.it\/es\/wp-json\/wp\/v2\/pages\/102\/?pag=3\">3<\/a>\n<span class=\"page-numbers dots\">&hellip;<\/span>\n<a class=\"page-numbers\" href=\"https:\/\/ambsansalvador.esteri.it\/es\/wp-json\/wp\/v2\/pages\/102\/?pag=10\">10<\/a>\n<a class=\"next page-numbers\" href=\"https:\/\/ambsansalvador.esteri.it\/es\/wp-json\/wp\/v2\/pages\/102\/?pag=2\"><svg class=\"icon icon-primary\"><use xlink:href=\"https:\/\/ambsansalvador.esteri.it\/wp-content\/themes\/sedi-tema\/assets\/svg\/sprites.svg#it-chevron-right\"><\/use><\/svg>\n                                    <span class=\"visually-hidden\">Siguiente p\u00e1gina<\/span><\/a>                    <\/div>\n                <\/nav>\n            <\/div>   <!--.col-md-12 -->\n              <\/div><!--.row -->\n              \n","protected":false},"excerpt":{"rendered":"","protected":false},"author":1,"featured_media":0,"parent":136,"menu_order":0,"comment_status":"closed","ping_status":"closed","template":"","meta":{"footnotes":""},"class_list":["post-102","page","type-page","status-publish","hentry"],"_links":{"self":[{"href":"https:\/\/ambsansalvador.esteri.it\/es\/wp-json\/wp\/v2\/pages\/102","targetHints":{"allow":["GET"]}}],"collection":[{"href":"https:\/\/ambsansalvador.esteri.it\/es\/wp-json\/wp\/v2\/pages"}],"about":[{"href":"https:\/\/ambsansalvador.esteri.it\/es\/wp-json\/wp\/v2\/types\/page"}],"author":[{"embeddable":true,"href":"https:\/\/ambsansalvador.esteri.it\/es\/wp-json\/wp\/v2\/users\/1"}],"replies":[{"embeddable":true,"href":"https:\/\/ambsansalvador.esteri.it\/es\/wp-json\/wp\/v2\/comments?post=102"}],"version-history":[{"count":1,"href":"https:\/\/ambsansalvador.esteri.it\/es\/wp-json\/wp\/v2\/pages\/102\/revisions"}],"predecessor-version":[{"id":173,"href":"https:\/\/ambsansalvador.esteri.it\/es\/wp-json\/wp\/v2\/pages\/102\/revisions\/173"}],"up":[{"embeddable":true,"href":"https:\/\/ambsansalvador.esteri.it\/es\/wp-json\/wp\/v2\/pages\/136"}],"wp:attachment":[{"href":"https:\/\/ambsansalvador.esteri.it\/es\/wp-json\/wp\/v2\/media?parent=102"}],"curies":[{"name":"wp","href":"https:\/\/api.w.org\/{rel}","templated":true}]}}